{"id":232115,"date":"2024-10-25T10:25:11","date_gmt":"2024-10-25T10:25:11","guid":{"rendered":"https:\/\/airtificial.com\/aerospace-defense\/?page_id=232115"},"modified":"2024-11-04T10:35:54","modified_gmt":"2024-11-04T10:35:54","slug":"fusion","status":"publish","type":"page","link":"https:\/\/airtificial.com\/aerospace-defense\/fusion\/","title":{"rendered":"AIRTIFICIAL AEROSPACE &#038; DEFENSE, S.A.\u00a0 (Sociedad Absorbente) Y AIRTIFICIAL AEROSPACE OPERATIONS, S.A. (Sociedad Absorbida)"},"content":{"rendered":"<p><img loading=\"lazy\" decoding=\"async\" class=\"size-medium wp-image-232130 alignright\" src=\"https:\/\/airtificial.com\/aerospace-defense\/wp-content\/uploads\/sites\/3\/2024\/11\/2024-11-04-11_26_49-Nueva-maquina-AllroundLine-en-Carbures-Aerospace-_-ZwickRoell-300x163.png\" alt=\"\" width=\"300\" height=\"163\" srcset=\"https:\/\/airtificial.com\/aerospace-defense\/wp-content\/uploads\/sites\/3\/2024\/11\/2024-11-04-11_26_49-Nueva-maquina-AllroundLine-en-Carbures-Aerospace-_-ZwickRoell-300x163.png 300w, https:\/\/airtificial.com\/aerospace-defense\/wp-content\/uploads\/sites\/3\/2024\/11\/2024-11-04-11_26_49-Nueva-maquina-AllroundLine-en-Carbures-Aerospace-_-ZwickRoell-768x418.png 768w, https:\/\/airtificial.com\/aerospace-defense\/wp-content\/uploads\/sites\/3\/2024\/11\/2024-11-04-11_26_49-Nueva-maquina-AllroundLine-en-Carbures-Aerospace-_-ZwickRoell.png 1062w\" sizes=\"auto, (max-width: 300px) 100vw, 300px\" \/>Fuente: <a href=\"http:\/\/carbures.com\/\">Carbures<\/a><\/p>\n<p>En cumplimiento de lo dispuesto en el art. 55 del Real Decreto-ley 5\/2023, de 28 de junio, por el que se adoptan y prorrogan determinadas medidas de respuesta a las consecuencias econ\u00f3micas y sociales de la Guerra de Ucrania, de apoyo a la reconstrucci\u00f3n de la isla de La Palma y a otras situaciones de vulnerabilidad; de transposici\u00f3n de Directivas de la Uni\u00f3n Europea en materia de modificaciones estructurales de sociedades mercantiles y conciliaci\u00f3n de la vida familiar y la vida profesional de los progenitores y los cuidadores; y de ejecuci\u00f3n y cumplimiento del Derecho de la Uni\u00f3n Europea (<strong>\u00abRDLME\u00bb<\/strong>) se hace p\u00fablico el proyecto com\u00fan de fusi\u00f3n (el <strong>\u00abProyecto \u00ab<\/strong>) relativo a la fusi\u00f3n por absorci\u00f3n mediante la cual, AIRTIFICIAL AEROSPACE OPERATIONS, S.A. (la <strong>\u201cSociedad Absorbida\u201d<\/strong>) ser\u00e1 absorbida por AIRTIFICIAL AEROSPACE &amp; DEFENSE, S.A. (la <strong>\u201cSociedad Absorbente\u201d<\/strong>) que adquirir\u00e1, por sucesi\u00f3n universal, todos los derechos y obligaciones de la Sociedad Absorbida (la \u201c<strong>Fusi\u00f3n<\/strong>\u201d).<\/p>\n<p>El 24 de octubre de 2024, los \u00f3rganos de administraci\u00f3n de la Sociedad Absorbente y de la Sociedad Absorbida formularon y suscribieron el Proyecto y el mismo est\u00e1 siendo publicado en el BORME por el presente anuncio y ha sido publicado, asimismo, en la p\u00e1gina web corporativa de la Sociedad Absorbente, <a href=\"http:\/\/www.carbures.com\">www.carbures.com<\/a>. La Fusi\u00f3n implicar\u00e1 la extinci\u00f3n de la Sociedad Absorbida mediante su disoluci\u00f3n sin liquidaci\u00f3n y la transmisi\u00f3n en bloque de su patrimonio social a la Sociedad Absorbente, que adquirir\u00e1 por sucesi\u00f3n universal la totalidad de dicho patrimonio, subrog\u00e1ndose en todos los derechos y obligaciones de la Sociedad Absorbida, todo ello en los t\u00e9rminos previstos en el RDLME. La Sociedad Absorbida est\u00e1 \u00edntegramente participada de forma directa por la Sociedad Absorbente por lo que es de aplicaci\u00f3n el r\u00e9gimen simplificado establecido por los art\u00edculos 53 y 55 RDLME.<\/p>\n<p>De conformidad con los art\u00edculos 7.1.2\u00ba y 55 RDLME, la Sociedad Absorbente se acoge a la exenci\u00f3n de aprobaci\u00f3n de la Fusi\u00f3n por la junta general y se hace constar el derecho que corresponde a sus accionistas y a los acreedores de la Sociedad Absorbente y de la Sociedad Absorbida (i) a examinar en los respectivos domicilios sociales los siguientes documentos: el Proyecto, las cuentas anuales y los informes de gesti\u00f3n de los \u00faltimos tres ejercicios, los informes de los correspondientes auditores de cuentas de la Sociedad Absorbente, y los balances de fusi\u00f3n y (ii) a solicitar y obtener la entrega o el env\u00edo gratuitos del texto \u00edntegro de los documentos mencionados.<\/p>\n<p>Asimismo, conforme al art\u00edculo 55 RDLME, los accionistas que representen, al menos, el 1% del capital social de la Sociedad Absorbente, tienen derecho a exigir la celebraci\u00f3n de la junta de la Sociedad Absorbente en el plazo de un mes desde esta publicaci\u00f3n para la aprobaci\u00f3n de la Fusi\u00f3n, para lo cual deber\u00e1n requerir al \u00f3rgano de administraci\u00f3n de la Sociedad dentro de los 15 d\u00edas siguientes a la fecha de publicaci\u00f3n de este anuncio. En este supuesto, la junta debe ser convocada para su celebraci\u00f3n dentro de los 2 meses siguientes a la fecha en que se hubiera requerido notarialmente a los administradores para convocarla.<\/p>\n<p>Se hace constar, asimismo, el derecho que asiste a los acreedores de la Sociedad Absorbente cuyos cr\u00e9ditos no se encuentren, en su caso, suficientemente garantizados a llevar a cabo las acciones previstas en el art\u00edculo 13 RDLME, durante el plazo de 1 mes a contar desde la fecha de publicaci\u00f3n del presente anuncio.<\/p>\n<p>A efectos del art\u00edculo 4.1.2\u00ba RDLME, se prev\u00e9 que la fusi\u00f3n se ejecute mediante el otorgamiento de la correspondiente escritura p\u00fablica entre el 9 de diciembre de 2024 y el 20 de diciembre de 2024, por lo que a efectos del art\u00edculo 7 RDLME se informa a los accionistas, acreedores y representantes de los trabajadores que pueden presentar, respectivamente a la Sociedad Absorbente y a la Sociedad Absorbida, observaciones al Proyecto, a m\u00e1s tardar 5 d\u00edas laborables antes del 9 de diciembre de 2024 o de la fecha de celebraci\u00f3n de la junta que, en su caso, se celebre conforme al p\u00e1rrafo inmediatamente anterior.<\/p>\n<p>El contenido del Proyecto es el siguiente:<\/p>\n<p><em>Los \u00f3rganos de administraci\u00f3n de las sociedades<strong> AIRTIFICIAL AEROSPACE &amp; DEFENSE, S.A. <\/strong>\u00a0(en adelante, la \u201c<strong>Sociedad Absorbente<\/strong>\u201d) y<strong> AIRTIFICIAL AEROSPACE OPERATIONS, S.A. <\/strong>(en adelante, la \u201c<strong>Sociedad Absorbida<\/strong>\u201d y, conjuntamente con la Sociedad Absorbente, las \u201c<strong>Sociedades<\/strong>\u201d) redactan y suscriben conjuntamente, en nombre y representaci\u00f3n de las mencionadas sociedades, el presente proyecto com\u00fan de fusi\u00f3n (en adelante, el \u201c<strong>Proyecto<\/strong>\u201d), en cumplimiento de lo establecido en el art\u00edculo 39.1 del Libro Primero del Real Decreto-ley 5\/2023, de 28 de junio, por el que se adoptan y prorrogan determinadas medidas de respuesta a las consecuencias econ\u00f3micas y sociales de la Guerra de Ucrania, de apoyo a la reconstrucci\u00f3n de la isla de La Palma y a otras situaciones de vulnerabilidad; de transposici\u00f3n de Directivas de la Uni\u00f3n Europea en materia de modificaciones estructurales de sociedades mercantiles y conciliaci\u00f3n de la vida familiar y la vida profesional de los progenitores y los cuidadores; y de ejecuci\u00f3n y cumplimiento del Derecho de la Uni\u00f3n Europea (en adelante, el \u201c<strong>RDLME<\/strong>\u201d). De acuerdo con los art\u00edculos 39 y 40 RDLME, el Proyecto regir\u00e1 la fusi\u00f3n proyectada (la \u201c<strong>Fusi\u00f3n<\/strong>\u201d).<\/em><\/p>\n<ol>\n<li><strong><em><u>DESCRIPCI\u00d3N Y FINALIDAD DE LA FUSI\u00d3N<\/u><\/em><\/strong>\n<ul>\n<li><strong><em>Descripci\u00f3n de la Fusi\u00f3n<\/em><\/strong><\/li>\n<\/ul>\n<\/li>\n<\/ol>\n<p><em>Las sociedades que intervienen en la Fusi\u00f3n son AIRTIFICIAL AEROSPACE &amp; DEFENSE, S.A. como sociedad absorbente y AIRTIFICIAL AEROSPACE OPERATIONS, S.A. como sociedad absorbida.<\/em><\/p>\n<p><em>La Sociedad Absorbida est\u00e1 \u00edntegramente participada por la Sociedad Absorbente, por lo que resulta de aplicaci\u00f3n a esta fusi\u00f3n lo dispuesto en los art\u00edculos 53, por lo que no ser\u00e1 necesario:<\/em><\/p>\n<ul>\n<li><em>Hacer referencia en el presente Proyecto de las menciones 3.\u00aa, 5.\u00aa, 7\u00aa y 8\u00aa del art\u00edculo 40 RDLME.<\/em><\/li>\n<li><em>Emitir informe de administradores, ni informe de experto independiente sobre el Proyecto.<\/em><\/li>\n<li><em>Ejecutar el aumento de capital de la Sociedad Absorbente. <\/em><\/li>\n<li><em>Aprobar la Fusi\u00f3n por la junta general de la Sociedad Absorbida.<\/em><\/li>\n<li><em>Salvo por lo previsto en el art\u00edculo 55.3 RDLME, aprobar la Fusi\u00f3n por la junta general de la Sociedad Absorbente, en tanto que el presente Proyecto se publicar\u00e1 por cada una de las Sociedades en los t\u00e9rminos del art\u00edculo 55.1 RDLME.<\/em><\/li>\n<\/ul>\n<p><em>Como resultado de la mencionada fusi\u00f3n por absorci\u00f3n, quedar\u00e1 como \u00fanica sociedad resultante, la Sociedad Absorbente.<\/em><\/p>\n<ul>\n<li><strong><em>Finalidad<\/em><\/strong><\/li>\n<\/ul>\n<p><em>La Fusi\u00f3n se enmarca en un proceso de reestructuraci\u00f3n que permitir\u00e1: <\/em><\/p>\n<ul>\n<li><em>Unificar la gesti\u00f3n, evitando la duplicidad de obligaciones contables, administrativas y fiscales, con el consiguiente ahorro de costes econ\u00f3micos y administrativos.<\/em><\/li>\n<li><em>Mejorar la planificaci\u00f3n y gesti\u00f3n de recursos, as\u00ed como racionalizar sus gastos operando de un modo m\u00e1s eficiente y din\u00e1mico a trav\u00e9s de la centralizaci\u00f3n de determinados servicios y funciones. <\/em><\/li>\n<li><em>Simplificar la estructura societaria del grupo, adapt\u00e1ndola a las necesidades empresariales actuales. <\/em><\/li>\n<\/ul>\n<ol start=\"2\">\n<li><strong><em><u>CONTENIDO<\/u><\/em><\/strong><strong><em><u> DEL PROYECTO <\/u><\/em><\/strong>\n<ul>\n<li><strong><em>Identificaci\u00f3n de las sociedades que se fusionan<\/em><\/strong><\/li>\n<\/ul>\n<\/li>\n<\/ol>\n<p><strong><em>\u00a0<\/em><\/strong><\/p>\n<ul>\n<li><strong><em><u>Sociedad Absorbente:<\/u><\/em><\/strong><\/li>\n<\/ul>\n<p><strong><em>Denominaci\u00f3n social:<\/em><\/strong><em> Airtificial Aerospace &amp; Defense, S.A.<\/em><\/p>\n<p><strong><em>Domicilio social:<\/em><\/strong><em> C\/ Ingenieria N\u00ba 4, Del Tecnoparque Bahia De Cadiz Sito En Carretera El Puerto-Sanluar, Km 5.5. Puerto De Santa Maria, El 11500 C\u00e1diz<\/em><\/p>\n<p><em>\u00a0<\/em><\/p>\n<p><strong><em>N.I.F.:<\/em><\/strong><em> A72309149<\/em><\/p>\n<p><strong><em>Datos registrales:<\/em><\/strong><em> inscrita en el Registro Mercantil de C\u00e1diz, Hoja CA-49719, tomo 2196, folio 96.<\/em><\/p>\n<p><strong><em>Capital social: <\/em><\/strong><em>10.836.776,00 euros, \u00edntegramente desembolsado. <\/em><\/p>\n<ul>\n<li><strong><em><u>Sociedad <\/u><\/em><\/strong><strong><em><u>Absorbida: <\/u><\/em><\/strong><\/li>\n<\/ul>\n<p><strong><em>Denominaci\u00f3n social:<\/em><\/strong> <em>Airtificial Aerospace Operations, S.A.<\/em><\/p>\n<p><strong><em>Domicilio social:<\/em><\/strong> <em>Avda. De Las Naciones, 23 Illescas 45200 Toledo.<\/em><\/p>\n<p><strong><em>N.I.F.: <\/em><\/strong><em>A45451515<\/em><\/p>\n<p><strong><em>Datos registrales:<\/em><\/strong> <em>inscrita en el Registro Mercantil de Toledo, Hoja TO-14436, Tomo 975, Folio 69. <\/em><\/p>\n<p><strong><em>Capital social<\/em><\/strong><strong><em>: <\/em><\/strong><em>60.000 euros, \u00edntegramente desembolsado.<\/em><\/p>\n<ul>\n<li><strong><em>Calendario indicativo propuesto de realizaci\u00f3n de la Fusi\u00f3n <\/em><\/strong><\/li>\n<\/ul>\n<p><em>A efectos del art\u00edculo 4.1.2\u00ba RDLME, se prev\u00e9 que la fusi\u00f3n se ejecute y formalice mediante el otorgamiento de la correspondiente escritura p\u00fablica entre el 9 de diciembre de 2024 y el 20 de diciembre de 2024. <\/em><\/p>\n<ul>\n<li><strong><em>Estatutos<\/em><\/strong><strong><em> de la sociedad resultante de la Fusi\u00f3n<\/em><\/strong><\/li>\n<\/ul>\n<p><em>Como consecuencia de la Fusi\u00f3n, y con el fin de que la Sociedad Absorbente tambi\u00e9n pueda llevar a cabo las actividades realizadas por la Sociedad Absorbida, el \u00f3rgano de administraci\u00f3n de la Sociedad Absorbente someter\u00e1 a la aprobaci\u00f3n de su accionista \u00fanico la ampliaci\u00f3n de su objeto social y, en consecuencia, la modificaci\u00f3n del art\u00edculo de sus Estatutos Sociales que, en su caso, pasar\u00e1 a tener el siguiente tenor literal: <\/em><\/p>\n<p><em>\u00ab<strong>ART\u00cdCULO 2.- OBJETO<\/strong><\/em><\/p>\n<p><em>Constituye el objeto de la Sociedad en el sector de la aeron\u00e1utica: el dise\u00f1o, fabricaci\u00f3n, comercializaci\u00f3n y distribuci\u00f3n de elementos pl\u00e1sticos y met\u00e1licos para el comercio y la industria. El dise\u00f1o, fabricaci\u00f3n, mantenimiento, conservaci\u00f3n y reparaci\u00f3n de veh\u00edculos terrestres y\/o aeronaves o partes de las mismas, as\u00ed como de sus correspondientes equipos, maquinaria e instalaciones. La prestaci\u00f3n de servicios y suministro de productos a trav\u00e9s de la gesti\u00f3n del conocimiento de la tecnolog\u00eda de vanguardia y procesos de innovaci\u00f3n permanente a empresas de sectores industriales. La fabricaci\u00f3n de composites en fibra de carbono de elementos estructurales y no estructurales, as\u00ed como la prestaci\u00f3n de servicios de consultor\u00eda e ingenier\u00eda. La realizaci\u00f3n de proyectos de ingenier\u00eda, estudios e investigaciones relacionadas con el comercio y la industria, y la prestaci\u00f3n de servicios de asistencia y asesor\u00eda t\u00e9cnica a particulares, empresas y organismos, tanto p\u00fablicos como privados. <\/em><\/p>\n<p><em>Todas las actividades integrantes del objeto social podr\u00e1n ser desarrolladas por la Sociedad total o parcialmente de modo indirecto, mediante la titularidad de acciones o participaciones en sociedades con objeto id\u00e9ntico o an\u00e1logo. Quedan excluidas del objeto social todas aquellas actividades para cuyo ejercicio la Ley exija requisitos especiales que no queden cumplimentados por esta Sociedad. Si las disposiciones legales exigiesen para el ejercicio de alguna o algunas de las actividades comprendidas en el objeto social autorizaci\u00f3n administrativa o inscripci\u00f3n en Registros P\u00fablicos, dichas actividades no podr\u00e1n iniciarse antes de que se hayan cumplido los requisitos administrativos exigidos. A la actividad principal que constituye el objeto social I corresponde en fa CNAE el n\u00famero 3030&#8243;.<\/em><\/p>\n<p><em>El texto de los estatutos sociales de la Sociedad Absorbente, seg\u00fan van a ser modificados conforme a lo anterior, se adjunta a este Proyecto Com\u00fan de Fusi\u00f3n como <strong><u>Anexo I<\/u><\/strong> a los efectos de lo previsto en el art\u00edculo 40.2 RDLME.<\/em><\/p>\n<ul>\n<li><strong><em>Incidencia<\/em><\/strong><strong><em> de la Fusi\u00f3n sobre las aportaciones de industria o prestaciones accesorias en las Sociedades Absorbidas y compensaciones a los socios afectados<\/em><\/strong><\/li>\n<\/ul>\n<p><em>En la Sociedad Absorbida no existen aportaciones de industria ni prestaciones accesorias, por lo que no hay accionistas afectados ni procede compensaci\u00f3n alguna en la Sociedad Absorbente.<\/em><\/p>\n<ul>\n<li><strong><em>Otorgamiento de derechos especiales<\/em><\/strong><\/li>\n<\/ul>\n<p><em>No existen en ninguna de las Sociedades ni participaciones sociales o acciones de clases especiales o privilegiadas, ni personas que tengan derechos, por cualquier t\u00edtulo, distintos de los representativos de capital, por lo que no procede el otorgamiento de ning\u00fan derecho u opci\u00f3n ni ninguna otra medida.<\/em><\/p>\n<ul>\n<li><strong><em>Implicaciones de la Fusi\u00f3n para los acreedores y, en su caso, las garant\u00edas ofrecidas<\/em><\/strong><\/li>\n<\/ul>\n<p><em>No se prev\u00e9n implicaciones para los acreedores de la Sociedad Absorbida m\u00e1s que el cambio de titularidad en las obligaciones, debido al traspaso en bloque de todos los derechos y obligaciones titularidad de la Sociedad Absorbida a la Sociedad Absorbente. <\/em><\/p>\n<ul>\n<li><strong><em>Otorgamiento de ventajas<\/em><\/strong><\/li>\n<\/ul>\n<p><em>No se atribuir\u00e1n ventajas ni privilegios de ninguna clase a los administradores de las Sociedades ni, en su caso, a los \u00f3rganos de direcci\u00f3n, supervisi\u00f3n o control.<\/em><\/p>\n<ul>\n<li><strong><em>Detalles de la oferta de compensaci\u00f3n en efectivo a los accionistas que dispongan del derecho a enajenar sus participaciones <\/em><\/strong><\/li>\n<\/ul>\n<p><em>No se prev\u00e9 compensaci\u00f3n en efectivo alguna al no haber accionistas con derecho a enajenar sus acciones como consecuencia de la operaci\u00f3n, al tratarse \u00e9sta de la fusi\u00f3n por absorci\u00f3n de sociedad \u00edntegramente participada por la Sociedad Absorbente conforme a lo dispuesto en el art\u00edculo 53 RDLME. <\/em><\/p>\n<ul>\n<li><strong><em>Fecha a partir de la cual las operaciones de la Sociedad Absorbida han de considerarse realizadas a efectos contables por cuenta de la Sociedad Absorbente<\/em><\/strong><\/li>\n<\/ul>\n<p><em>De acuerdo con la Norma de Registro y Valoraci\u00f3n 21\u00aa 2.2.2, incluida en la Segunda Parte del Real Decreto 1514\/2007, de 16 de noviembre, por el que se aprueba el Plan General de Contabilidad, las operaciones de la Sociedad Absorbida deben entenderse realizadas o producidas a efectos contables por la Sociedad Absorbente desde el primer d\u00eda del ejercicio en el que se apruebe la fusi\u00f3n, es decir, el 1 de enero de 2024 por tratarse de una operaci\u00f3n intragrupo. A partir de dicha fecha (incluida) las operaciones de la Sociedad Absorbida habr\u00e1n de considerarse realizadas, a efectos contables, por cuenta de la Sociedad Absorbente.<\/em><\/p>\n<p><em>No obstante lo anterior, la eficacia de la Fusi\u00f3n quedar\u00e1 en todo caso supeditada a la inscripci\u00f3n de la respectiva escritura de fusi\u00f3n en los Registros Mercantiles de C\u00e1diz y Toledo.<\/em><\/p>\n<ul>\n<li><strong><em>Consecuencias de la Fusi\u00f3n sobre el empleo, y eventual impacto de g\u00e9nero en los \u00f3rganos de administraci\u00f3n e incidencia, en su caso, en la responsabilidad social de la empresa<\/em><\/strong><\/li>\n<\/ul>\n<p><em>No se prev\u00e9 ninguna consecuencia de la Fusi\u00f3n sobre el empleo, m\u00e1s all\u00e1 de las propias de la subrogaci\u00f3n por parte de la Sociedad Absorbente en todos los derechos y obligaciones de la Sociedad Absorbida. Sin perjuicio de lo anterior, se han cumplido y cumplir\u00e1n en el marco de la operaci\u00f3n de fusi\u00f3n con todos los requisitos legales en materia de comunicaci\u00f3n de la Fusi\u00f3n a los trabajadores o, en su caso, sus representantes.<\/em><\/p>\n<p><em>La Fusi\u00f3n tampoco producir\u00e1 ning\u00fan impacto sobre el \u00f3rgano de administraci\u00f3n de la Sociedad Absorbente ni incidencia sobre la responsabilidad social de la misma, pues no se prev\u00e9 ninguna modificaci\u00f3n en los referidos extremos.<\/em><\/p>\n<ul>\n<li><strong><em>Cumplimiento de las obligaciones tributarias y frente a la seguridad social<\/em><\/strong><\/li>\n<\/ul>\n<p><em>La Sociedad Absorbente y la Sociedad Absorbida se encuentran al corriente en el cumplimiento de las obligaciones tributarias y frente a la Seguridad Social, seg\u00fan acreditan los certificados aportados para cada una de las Sociedades que se aportan como <\/em><strong><em><u>Anexo II<\/u><\/em><\/strong><em>. <\/em><\/p>\n<ol start=\"3\">\n<li><strong><em><u>ESTRUCTURA<\/u><\/em><\/strong><strong><em><u> SOCIETARIA TRAS LA OPERACION DE FUSI\u00d3N<\/u><\/em><\/strong><\/li>\n<\/ol>\n<p><em>Por medio de la Fusi\u00f3n, la Sociedad Absorbida ser\u00e1 disuelta sin liquidaci\u00f3n mediante la transmisi\u00f3n en bloque de todo su patrimonio a la Sociedad Absorbente, que adquirir\u00e1, por sucesi\u00f3n universal, todos los derechos y obligaciones de la Sociedad Absorbida.<\/em><\/p>\n<ol start=\"4\">\n<li><strong><em><u>BALANCES DE FUSI\u00d3N<\/u><\/em><\/strong><\/li>\n<\/ol>\n<p><em>De conformidad con lo dispuesto en el art\u00edculo 43 RDLME, ser\u00e1n Balances de Fusi\u00f3n de cada una de las Sociedades (la Sociedad Absorbente y la Sociedad Absorbida), los balances cerrados a 31 de agosto de 2024, los cuales se adjuntan como <strong><u>Anexo III<\/u><\/strong> y como <strong><u>Anexo IV<\/u><\/strong>, respectivamente. <\/em><\/p>\n<p><em>Tal y como se indica en el apartado 1.1 anterior, salvo por lo previsto en el art\u00edculo 55.3 RDLME, de conformidad con los art\u00edculos 53 y 55 RDLME, la Fusi\u00f3n no ser\u00e1 sometida a aprobaci\u00f3n por las juntas generales de las Sociedades, en tanto que el presente Proyecto se publicar\u00e1 por cada una de las Sociedades en los t\u00e9rminos del art\u00edculo 55.1 RDLME. Como consecuencia de lo anterior, de acuerdo con el art\u00edculo 44 RDLME, si bien la Sociedad Absorbente tiene obligaci\u00f3n de auditar, no es preceptiva la verificaci\u00f3n del balance de fusi\u00f3n de la Sociedad Absorbente por el auditor en tanto que de acuerdo con los art\u00edculos 53 y 55 del RDLME no es necesario que los Balances de Fusi\u00f3n de la Sociedad Absorbente y de la Sociedad Absorbida sean aprobados por sus respectivas juntas generales.<\/em><\/p>\n<ol start=\"5\">\n<li><strong><em><u>SUSCRIPCI\u00d3N DEL PROYECTO COM\u00daN DE FUSI\u00d3N. DEP\u00d3SITO Y PUBLICIDAD DEL PROYECTO COM\u00daN DE FUSI\u00d3N<\/u><\/em><\/strong><\/li>\n<\/ol>\n<p><em>Los administradores de la Sociedad Absorbente y de la Sociedad Absorbida manifiestan su compromiso de no realizar ning\u00fan tipo de operaci\u00f3n, acto o negocio que pudiera (i) comprometer la conclusi\u00f3n de la Fusi\u00f3n, (ii) modificar sustancialmente el activo y el pasivo de las Sociedad, o (ii) comprometer o afectar al presente Proyecto.<\/em><\/p>\n<p><em>Se hace constar expresamente que, de conformidad con las disposiciones del art\u00edculo 55.1 del RDLME, se proceder\u00e1 a la publicaci\u00f3n del presente Proyecto en los t\u00e9rminos del apartado 1 del referido art\u00edculo, esto es: <\/em><\/p>\n<ul>\n<li><em>en la p\u00e1gina web corporativa de la Sociedad Absorbente, inscrita en el Registro Mercantil, <\/em><a href=\"http:\/\/www.carbures.com\"><em>carbures.com<\/em><\/a><em>, y<\/em><\/li>\n<li><em>en el Bolet\u00edn Oficial del Registro Mercantil o en uno de los diarios de mayor difusi\u00f3n de Toledo. <\/em><\/li>\n<\/ul>\n<ol start=\"6\">\n<li><strong><em><u>R\u00c9GIMEN FISCAL APLICABLE<\/u><\/em><\/strong><\/li>\n<\/ol>\n<p><em>A la presente operaci\u00f3n de fusi\u00f3n le ser\u00e1 de aplicaci\u00f3n el \u201cR\u00e9gimen fiscal especial de las fusiones, escisiones, aportaciones de activos, canje de valores y cambio de domicilio social de una Sociedad Europea o una Sociedad Cooperativa Europea de un Estado miembro a otro de la Uni\u00f3n Europea\u201d, previsto en el Cap\u00edtulo VII del T\u00edtulo VII de la Ley 27\/2014, de 27 de noviembre, del Impuesto sobre Sociedades, a cuyos efectos se proceder\u00e1 a efectuar la correspondiente comunicaci\u00f3n a la administraci\u00f3n tributaria en la forma y plazos establecidos reglamentariamente, una vez la escritura de fusi\u00f3n quede definitivamente inscrita en el correspondiente Registro Mercantil<\/em><em>.<\/em><\/p>\n<ol start=\"2024\">\n<li><strong> Guillermo Fern\u00e1ndez de Pe\u00f1aranda Bonet<\/strong>, en su condici\u00f3n de representante persona f\u00edsica de Airtificial Intelligence Structures, S.A. como administrador \u00fanico de Airtificial Aerospace &amp; Defense, S.A., y en su condici\u00f3n de representante persona f\u00edsica de Airtificial Aerospace &amp; Defense, S.A. como administrador \u00fanico de Airtificial Aerospace Operations, S.A. En Madrid, a 25 de octubre de 2024.<\/li>\n<\/ol>\n<p>&nbsp;<\/p>\n","protected":false},"excerpt":{"rendered":"<p>Fuente: Carbures En cumplimiento de lo dispuesto en el art. 55 del Real Decreto-ley 5\/2023, de 28 de junio, por el que se adoptan y prorrogan determinadas medidas de respuesta a las consecuencias econ\u00f3micas y sociales de la Guerra de Ucrania, de apoyo a la reconstrucci\u00f3n de la isla de La Palma y a otras [&hellip;]<\/p>\n","protected":false},"author":1,"featured_media":0,"parent":0,"menu_order":6,"comment_status":"closed","ping_status":"closed","template":"","meta":{"_acf_changed":false,"inline_featured_image":false,"footnotes":""},"class_list":["post-232115","page","type-page","status-publish","hentry"],"acf":[],"yoast_head":"<!-- This site is optimized with the Yoast SEO plugin v27.4 - https:\/\/yoast.com\/product\/yoast-seo-wordpress\/ -->\n<title>AIRTIFICIAL AEROSPACE &amp; DEFENSE, S.A.\u00a0 (Sociedad Absorbente) Y AIRTIFICIAL AEROSPACE OPERATIONS, S.A. (Sociedad Absorbida) - Aerospace &amp; Defense<\/title>\n<meta name=\"robots\" content=\"index, follow, max-snippet:-1, max-image-preview:large, max-video-preview:-1\" \/>\n<link rel=\"canonical\" href=\"https:\/\/airtificial.com\/aerospace-defense\/fusion\/\" \/>\n<meta property=\"og:locale\" content=\"es_ES\" \/>\n<meta property=\"og:type\" content=\"article\" \/>\n<meta property=\"og:title\" content=\"AIRTIFICIAL AEROSPACE &amp; DEFENSE, S.A.\u00a0 (Sociedad Absorbente) Y AIRTIFICIAL AEROSPACE OPERATIONS, S.A. (Sociedad Absorbida) - Aerospace &amp; Defense\" \/>\n<meta property=\"og:description\" content=\"Fuente: Carbures En cumplimiento de lo dispuesto en el art. 55 del Real Decreto-ley 5\/2023, de 28 de junio, por el que se adoptan y prorrogan determinadas medidas de respuesta a las consecuencias econ\u00f3micas y sociales de la Guerra de Ucrania, de apoyo a la reconstrucci\u00f3n de la isla de La Palma y a otras [&hellip;]\" \/>\n<meta property=\"og:url\" content=\"https:\/\/airtificial.com\/aerospace-defense\/fusion\/\" \/>\n<meta property=\"og:site_name\" content=\"Aerospace &amp; Defense\" \/>\n<meta property=\"article:modified_time\" content=\"2024-11-04T10:35:54+00:00\" \/>\n<meta property=\"og:image\" content=\"https:\/\/airtificial.com\/aerospace-defense\/wp-content\/uploads\/sites\/3\/2024\/11\/2024-11-04-11_26_49-Nueva-maquina-AllroundLine-en-Carbures-Aerospace-_-ZwickRoell.png\" \/>\n\t<meta property=\"og:image:width\" content=\"1062\" \/>\n\t<meta property=\"og:image:height\" content=\"578\" \/>\n\t<meta property=\"og:image:type\" content=\"image\/png\" \/>\n<meta name=\"twitter:card\" content=\"summary_large_image\" \/>\n<meta name=\"twitter:label1\" content=\"Tiempo de lectura\" \/>\n\t<meta name=\"twitter:data1\" content=\"13 minutos\" \/>\n<!-- \/ Yoast SEO plugin. -->","yoast_head_json":{"title":"AIRTIFICIAL AEROSPACE & DEFENSE, S.A.\u00a0 (Sociedad Absorbente) Y AIRTIFICIAL AEROSPACE OPERATIONS, S.A. (Sociedad Absorbida) - Aerospace &amp; Defense","robots":{"index":"index","follow":"follow","max-snippet":"max-snippet:-1","max-image-preview":"max-image-preview:large","max-video-preview":"max-video-preview:-1"},"canonical":"https:\/\/airtificial.com\/aerospace-defense\/fusion\/","og_locale":"es_ES","og_type":"article","og_title":"AIRTIFICIAL AEROSPACE & DEFENSE, S.A.\u00a0 (Sociedad Absorbente) Y AIRTIFICIAL AEROSPACE OPERATIONS, S.A. (Sociedad Absorbida) - Aerospace &amp; Defense","og_description":"Fuente: Carbures En cumplimiento de lo dispuesto en el art. 55 del Real Decreto-ley 5\/2023, de 28 de junio, por el que se adoptan y prorrogan determinadas medidas de respuesta a las consecuencias econ\u00f3micas y sociales de la Guerra de Ucrania, de apoyo a la reconstrucci\u00f3n de la isla de La Palma y a otras [&hellip;]","og_url":"https:\/\/airtificial.com\/aerospace-defense\/fusion\/","og_site_name":"Aerospace &amp; Defense","article_modified_time":"2024-11-04T10:35:54+00:00","og_image":[{"width":1062,"height":578,"url":"https:\/\/airtificial.com\/aerospace-defense\/wp-content\/uploads\/sites\/3\/2024\/11\/2024-11-04-11_26_49-Nueva-maquina-AllroundLine-en-Carbures-Aerospace-_-ZwickRoell.png","type":"image\/png"}],"twitter_card":"summary_large_image","twitter_misc":{"Tiempo de lectura":"13 minutos"},"schema":{"@context":"https:\/\/schema.org","@graph":[{"@type":"WebPage","@id":"https:\/\/airtificial.com\/aerospace-defense\/fusion\/","url":"https:\/\/airtificial.com\/aerospace-defense\/fusion\/","name":"AIRTIFICIAL AEROSPACE & DEFENSE, S.A.\u00a0 (Sociedad Absorbente) Y AIRTIFICIAL AEROSPACE OPERATIONS, S.A. (Sociedad Absorbida) - Aerospace &amp; Defense","isPartOf":{"@id":"https:\/\/airtificial.com\/aerospace-defense\/#website"},"primaryImageOfPage":{"@id":"https:\/\/airtificial.com\/aerospace-defense\/fusion\/#primaryimage"},"image":{"@id":"https:\/\/airtificial.com\/aerospace-defense\/fusion\/#primaryimage"},"thumbnailUrl":"https:\/\/airtificial.com\/aerospace-defense\/wp-content\/uploads\/sites\/3\/2024\/11\/2024-11-04-11_26_49-Nueva-maquina-AllroundLine-en-Carbures-Aerospace-_-ZwickRoell-300x163.png","datePublished":"2024-10-25T10:25:11+00:00","dateModified":"2024-11-04T10:35:54+00:00","breadcrumb":{"@id":"https:\/\/airtificial.com\/aerospace-defense\/fusion\/#breadcrumb"},"inLanguage":"es","potentialAction":[{"@type":"ReadAction","target":["https:\/\/airtificial.com\/aerospace-defense\/fusion\/"]}]},{"@type":"ImageObject","inLanguage":"es","@id":"https:\/\/airtificial.com\/aerospace-defense\/fusion\/#primaryimage","url":"https:\/\/airtificial.com\/aerospace-defense\/wp-content\/uploads\/sites\/3\/2024\/11\/2024-11-04-11_26_49-Nueva-maquina-AllroundLine-en-Carbures-Aerospace-_-ZwickRoell.png","contentUrl":"https:\/\/airtificial.com\/aerospace-defense\/wp-content\/uploads\/sites\/3\/2024\/11\/2024-11-04-11_26_49-Nueva-maquina-AllroundLine-en-Carbures-Aerospace-_-ZwickRoell.png","width":1062,"height":578},{"@type":"BreadcrumbList","@id":"https:\/\/airtificial.com\/aerospace-defense\/fusion\/#breadcrumb","itemListElement":[{"@type":"ListItem","position":1,"name":"Portada","item":"https:\/\/airtificial.com\/aerospace-defense\/"},{"@type":"ListItem","position":2,"name":"AIRTIFICIAL AEROSPACE &#038; DEFENSE, S.A.\u00a0 (Sociedad Absorbente) Y AIRTIFICIAL AEROSPACE OPERATIONS, S.A. (Sociedad Absorbida)"}]},{"@type":"WebSite","@id":"https:\/\/airtificial.com\/aerospace-defense\/#website","url":"https:\/\/airtificial.com\/aerospace-defense\/","name":"Aerospace &amp; Defense","description":"Otro sitio m\u00e1s de Airtificial sitios","potentialAction":[{"@type":"SearchAction","target":{"@type":"EntryPoint","urlTemplate":"https:\/\/airtificial.com\/aerospace-defense\/?s={search_term_string}"},"query-input":{"@type":"PropertyValueSpecification","valueRequired":true,"valueName":"search_term_string"}}],"inLanguage":"es"}]}},"_links":{"self":[{"href":"https:\/\/airtificial.com\/aerospace-defense\/wp-json\/wp\/v2\/pages\/232115","targetHints":{"allow":["GET"]}}],"collection":[{"href":"https:\/\/airtificial.com\/aerospace-defense\/wp-json\/wp\/v2\/pages"}],"about":[{"href":"https:\/\/airtificial.com\/aerospace-defense\/wp-json\/wp\/v2\/types\/page"}],"author":[{"embeddable":true,"href":"https:\/\/airtificial.com\/aerospace-defense\/wp-json\/wp\/v2\/users\/1"}],"replies":[{"embeddable":true,"href":"https:\/\/airtificial.com\/aerospace-defense\/wp-json\/wp\/v2\/comments?post=232115"}],"version-history":[{"count":0,"href":"https:\/\/airtificial.com\/aerospace-defense\/wp-json\/wp\/v2\/pages\/232115\/revisions"}],"wp:attachment":[{"href":"https:\/\/airtificial.com\/aerospace-defense\/wp-json\/wp\/v2\/media?parent=232115"}],"curies":[{"name":"wp","href":"https:\/\/api.w.org\/{rel}","templated":true}]}}